{"id":4063,"date":"2024-05-19T21:45:06","date_gmt":"2024-05-19T19:45:06","guid":{"rendered":"https:\/\/www.bocciatatracup.sk\/?page_id=4063"},"modified":"2024-10-01T21:39:32","modified_gmt":"2024-10-01T19:39:32","slug":"btc-2023","status":"publish","type":"page","link":"https:\/\/www.bocciatatracup.sk\/?page_id=4063","title":{"rendered":"BTC 2023"},"content":{"rendered":"<p>[et_pb_section fb_built=&#8220;1&#8243; admin_label=&#8220;Hero&#8220; _builder_version=&#8220;4.17.4&#8243; _module_preset=&#8220;default&#8220; use_background_color_gradient=&#8220;on&#8220; background_color_gradient_direction=&#8220;129deg&#8220; background_color_gradient_stops=&#8220;rgba(0,0,0,0.46) 0%|rgba(0,0,0,0) 75%&#8220; background_color_gradient_overlays_image=&#8220;on&#8220; background_color_gradient_start=&#8220;rgba(0,0,0,0.5)&#8220; background_color_gradient_end=&#8220;rgba(0,0,0,0)&#8220; background_image=&#8220;https:\/\/www.bocciatatracup.sk\/wp-content\/uploads\/2023\/08\/BTC2023_banner.jpg&#8220; background_position=&#8220;top_left&#8220; custom_margin=&#8220;0px||||false|false&#8220; custom_padding=&#8220;92px||131px|||&#8220; bottom_divider_style=&#8220;slant&#8220; bottom_divider_color=&#8220;#ffffff&#8220; bottom_divider_flip=&#8220;horizontal&#8220; animation_style=&#8220;slide&#8220; animation_direction=&#8220;top&#8220; animation_intensity_slide=&#8220;5%&#8220; animation_starting_opacity=&#8220;100%&#8220; global_colors_info=&#8220;{}&#8220;][et_pb_row column_structure=&#8220;3_4,1_4&#8243; _builder_version=&#8220;4.17.4&#8243; _module_preset=&#8220;default&#8220; background_size=&#8220;initial&#8220; background_position=&#8220;top_left&#8220; background_repeat=&#8220;repeat&#8220; custom_margin=&#8220;|auto|3px|auto||&#8220; custom_padding=&#8220;27px|0px|0px|0px&#8220; global_colors_info=&#8220;{}&#8220;][et_pb_column type=&#8220;3_4&#8243; _builder_version=&#8220;4.16&#8243; _module_preset=&#8220;default&#8220; custom_padding=&#8220;|||&#8220; global_colors_info=&#8220;{}&#8220; custom_padding__hover=&#8220;|||&#8220;][et_pb_text admin_label=&#8220;Title&#8220; _builder_version=&#8220;4.17.4&#8243; _module_preset=&#8220;default&#8220; text_font=&#8220;||||||||&#8220; header_font=&#8220;Jaldi|700|||||||&#8220; header_font_size=&#8220;64px&#8220; background_layout=&#8220;dark&#8220; custom_margin=&#8220;||-15px|||&#8220; custom_padding=&#8220;||17px|||&#8220; animation_style=&#8220;fade&#8220; animation_direction=&#8220;left&#8220; header_font_size_tablet=&#8220;&#8220; header_font_size_phone=&#8220;72px&#8220; header_font_size_last_edited=&#8220;on|phone&#8220; inline_fonts=&#8220;Jaldi&#8220; global_colors_info=&#8220;{}&#8220;]<\/p>\n<h4><span style=\"font-size: x-large;\">7. ro\u010dn\u00edk<\/span><span style=\"font-family: Jaldi;\"><\/span><\/h4>\n<h1><span style=\"font-family: Jaldi;\">Boccia Tatra Cup 2023<\/span><\/h1>\n<p>&nbsp;<\/p>\n<p>[\/et_pb_text][et_pb_divider color=&#8220;#FFFFFF&#8220; _builder_version=&#8220;4.17.4&#8243; _module_preset=&#8220;default&#8220; width=&#8220;16%&#8220; module_alignment=&#8220;left&#8220; custom_margin=&#8220;21px||||false|false&#8220; global_colors_info=&#8220;{}&#8220;][\/et_pb_divider][et_pb_text _builder_version=&#8220;4.17.4&#8243; _module_preset=&#8220;default&#8220; header_line_height=&#8220;1.2em&#8220; custom_margin=&#8220;0px||||false|false&#8220; animation_style=&#8220;fade&#8220; inline_fonts=&#8220;Jaldi&#8220; global_colors_info=&#8220;{}&#8220;]<\/p>\n<h1><span style=\"color: #ffffff; font-family: Jaldi; font-weight: normal; font-size: xx-large;\">15. &#8211; 20. j\u00fan 2023 \/ Liptovsk\u00fd J\u00e1n<\/span><\/h1>\n<p>[\/et_pb_text][et_pb_text _builder_version=&#8220;4.17.4&#8243; _module_preset=&#8220;default&#8220; header_2_line_height=&#8220;1.1em&#8220; header_3_line_height=&#8220;1.1em&#8220; custom_margin=&#8220;-28px|||||&#8220; animation_style=&#8220;fade&#8220; inline_fonts=&#8220;Jaldi,ABeeZee&#8220; global_colors_info=&#8220;{}&#8220;]<\/p>\n<h2><span style=\"color: #ffffff; font-family: Jaldi; font-weight: normal; font-size: x-large;\">otvoren\u00fd medzin\u00e1rodn\u00fd turnaj v paralympijskom \u0161porte boccia<br \/><\/span><span style=\"color: #ffffff;\"><span style=\"font-family: Jaldi; font-weight: normal; font-size: x-large;\">BC1, BC2, BC3, BC4\u00a0 &#8211;\u00a0 <\/span><span style=\"font-family: Jaldi; font-weight: normal; font-size: x-large;\">Jednotlivci <span style=\"font-family: ABeeZee;\">&amp;<\/span> T\u00edmy, p\u00e1ry<\/span><\/span><\/h2>\n<p><span style=\"color: #ffffff; font-family: Jaldi; font-weight: normal; font-size: x-large;\"><\/span><\/p>\n<p>[\/et_pb_text][\/et_pb_column][et_pb_column type=&#8220;1_4&#8243; _builder_version=&#8220;4.16&#8243; _module_preset=&#8220;default&#8220; custom_padding=&#8220;|||&#8220; global_colors_info=&#8220;{}&#8220; custom_padding__hover=&#8220;|||&#8220;][\/et_pb_column][\/et_pb_row][\/et_pb_section][et_pb_section fb_built=&#8220;1&#8243; admin_label=&#8220;About&#8220; _builder_version=&#8220;4.16&#8243; _module_preset=&#8220;default&#8220; custom_margin=&#8220;3px||-8px|||&#8220; custom_padding=&#8220;41px|0px|3px|||&#8220; global_colors_info=&#8220;{}&#8220;][et_pb_row column_structure=&#8220;1_4,3_4&#8243; _builder_version=&#8220;4.17.4&#8243; _module_preset=&#8220;default&#8220; width=&#8220;70%&#8220; custom_margin=&#8220;||||false|false&#8220; custom_padding=&#8220;3px||||false|false&#8220; global_colors_info=&#8220;{}&#8220;][et_pb_column type=&#8220;1_4&#8243; _builder_version=&#8220;4.17.4&#8243; _module_preset=&#8220;default&#8220; custom_padding=&#8220;3px|6px|||false|false&#8220; global_colors_info=&#8220;{}&#8220;][et_pb_image src=&#8220;https:\/\/www.bocciatatracup.sk\/wp-content\/uploads\/2023\/04\/logo_VF_Supported_by_Grey.png&#8220; title_text=&#8220;logo_VF_Supported_by_Grey&#8220; url=&#8220;https:\/\/www.visegradfund.org\/&#8220; url_new_window=&#8220;on&#8220; _builder_version=&#8220;4.17.4&#8243; _module_preset=&#8220;default&#8220; transform_translate=&#8220;-8px|-8px&#8220; transform_translate_linked=&#8220;off&#8220; animation_style=&#8220;fade&#8220; global_colors_info=&#8220;{}&#8220;][\/et_pb_image][\/et_pb_column][et_pb_column type=&#8220;3_4&#8243; _builder_version=&#8220;4.17.4&#8243; _module_preset=&#8220;default&#8220; global_colors_info=&#8220;{}&#8220;][\/et_pb_column][\/et_pb_row][et_pb_row _builder_version=&#8220;4.17.4&#8243; _module_preset=&#8220;default&#8220; custom_margin=&#8220;-26px|auto||auto||&#8220; custom_padding=&#8220;0px||0px|||&#8220; global_colors_info=&#8220;{}&#8220;][et_pb_column type=&#8220;4_4&#8243; _builder_version=&#8220;4.16&#8243; _module_preset=&#8220;default&#8220; custom_padding=&#8220;|||&#8220; global_colors_info=&#8220;{}&#8220; custom_padding__hover=&#8220;|||&#8220;][et_pb_text admin_label=&#8220;Title&#8220; _builder_version=&#8220;4.17.4&#8243; _module_preset=&#8220;default&#8220; text_font=&#8220;Jaldi|300|||||||&#8220; text_font_size=&#8220;20px&#8220; text_line_height=&#8220;1.8em&#8220; header_font=&#8220;Jaldi||||||||&#8220; header_font_size=&#8220;25px&#8220; header_line_height=&#8220;1.3em&#8220; header_2_font=&#8220;Montserrat|500|||||||&#8220; header_2_text_align=&#8220;center&#8220; header_2_font_size=&#8220;28px&#8220; header_2_line_height=&#8220;0.9em&#8220; header_4_font=&#8220;|||on|||||&#8220; header_4_line_height=&#8220;1.6em&#8220; text_orientation=&#8220;center&#8220; max_width=&#8220;72%&#8220; module_alignment=&#8220;center&#8220; custom_margin=&#8220;51px||3px|||&#8220; custom_padding=&#8220;1px|0px||||&#8220; animation_style=&#8220;fade&#8220; animation_direction=&#8220;right&#8220; inline_fonts=&#8220;Jaldi&#8220; global_colors_info=&#8220;{}&#8220;]<\/p>\n<h1 style=\"text-align: left;\"><span style=\"color: #666666;\"><strong><span style=\"font-family: Jaldi; font-size: xx-large;\">Boccia Tatra Cup 2023\u00a0 <\/span><\/strong><span style=\"font-family: Jaldi; font-size: x-large;\">\/ 15. &#8211; 20. j\u00fan 2023, Liptovsk\u00fd J\u00e1n<\/span><\/span><\/h1>\n<h2 style=\"text-align: left;\"><span style=\"color: #666666;\"><strong style=\"font-size: 25px;\"><span style=\"font-family: Jaldi; font-size: x-large;\">7. ro\u010dn\u00edk otvoren\u00e9ho medzin\u00e1rodn\u00e9ho turnaja<br \/><\/span><\/strong><strong><span style=\"font-family: Jaldi; font-size: x-large;\">jednotlivcov, p\u00e1rov a t\u00edmov v paralympijskom \u0161porte boccia<\/span><\/strong><\/span><\/h2>\n<h3 style=\"text-align: left;\"><span style=\"color: #666666;\"><span style=\"font-family: Jaldi; font-weight: normal; font-size: large;\">4-d\u0148ov\u00e9 \u0161portov\u00e9 z\u00e1polenie v bezbari\u00e9rovej \u0161portovej hale Alexandra Wellness Hotel*** v Liptovskom J\u00e1ne, <\/span><span style=\"font-family: Jaldi; font-weight: normal; font-size: large;\">pr\u00ed\u0165a\u017eliv\u00fd sprievodn\u00fd program <\/span><span style=\"font-family: Jaldi; font-weight: normal; font-size: large;\">s eduka\u010dno &#8211; soci\u00e1lnym zameran\u00edm, <\/span><span style=\"font-size: large;\">tradi\u010dne kvalitn\u00e9 hr\u00e1\u010dske obsadenie, priate\u013esk\u00e1 atmosf\u00e9ra&#8230; tak prebiehal Boccia Tatra Cup 2023, v porad\u00ed u\u017e 7. ro\u010dn\u00edk medzin\u00e1rodn\u00e9ho turnaja jednotlivcov, p\u00e1rov a t\u00edmov v paralympijskom \u0161porte boccia.<\/span><\/span><\/h3>\n<h3 style=\"text-align: left;\"><span style=\"color: #666666;\"><span style=\"font-family: Jaldi; font-weight: normal; font-size: large;\">Prv\u00fd a st\u00e1le jedin\u00fd medzin\u00e1rodn\u00fd turnaj v boccii, organizovan\u00fd na \u00fazem\u00ed Slovenska, <\/span><span style=\"font-family: Jaldi; font-weight: normal; font-size: large;\">je o<\/span><span style=\"font-family: Jaldi; font-weight: normal; font-size: large;\">tvoren\u00fd pre klasifikovan\u00fdch hr\u00e1\u010dov boccie v\u0161etk\u00fdch v\u00fdkonnostn\u00fdch \u00farovn\u00ed. Z\u00fa\u010dast\u0148uj\u00fa sa ho tak za\u010d\u00ednaj\u00faci a menej sk\u00fasen\u00ed hr\u00e1\u010di &#8211; z\u00e1stupcovia region\u00e1lnych \u0161portov\u00fdch klubov s n\u00e1rodnou klasifik\u00e1ciou, ako aj \u0161pi\u010dkov\u00ed hr\u00e1\u010di z popredn\u00fdch prie\u010dok svetov\u00e9ho BISFed rebr\u00ed\u010dka &#8211; \u010dlenovia n\u00e1rodn\u00fdch reprezenta\u010dn\u00fdch t\u00edmov a \u00faspe\u0161n\u00ed paralympionici. Na 7. ro\u010dn\u00edk turnaja sa zaregistrovalo spolu 48 <\/span><span style=\"font-family: Jaldi; font-weight: normal; font-size: large;\">s\u00fa\u0165a\u017eiacich <\/span><span style=\"font-size: large;\">hr\u00e1\u010dov a celkom viac ako 150 \u00fa\u010dastn\u00edkov z 8 kraj\u00edn Eur\u00f3py.<\/span><\/span><\/h3>\n<h3 style=\"text-align: left;\"><span style=\"color: #666666;\"><span style=\"font-family: Jaldi; font-weight: normal; font-size: large;\"> Boccia Tatra Cup 2023<\/span><span style=\"font-family: Jaldi; font-weight: normal; font-size: large;\"> sa konal tesne pred za\u010diatkom s\u00e9rie d\u00f4le\u017eit\u00fdch kvalifika\u010dn\u00fdch BISFed turnajov, na ktor\u00fdch reprezentanti jednotliv\u00fdch kraj\u00edn zbieraj\u00fa body a z\u00edskavaj\u00fa miestenky na bl\u00ed\u017eiace sa XVII. letn\u00e9 paralympijsk\u00e9 hry PAR\u00cd\u017d 2024. Pre nich bol \u0161peci\u00e1lne tento ro\u010dn\u00edk <\/span><span style=\"font-family: Jaldi; font-weight: normal; font-size: large;\">ide\u00e1lnym priestorom na testovanie a dola\u010fovanie \u0161portovej formy v priate\u013eskom, ale kvalitnom hernom prostred\u00ed. Pr\u00edtomn\u00ed reprezentanti tu mali mo\u017enos\u0165 zmera\u0165 si sily a otestova\u0165 hern\u00fa taktiku s\u00edce v priate\u013esk\u00fdch, nebodovan\u00fdch z\u00e1pasoch, av\u0161ak priamo na viacer\u00fdch svojich eur\u00f3pskych konkurentoch zo \u0161pi\u010dky BISFed rebr\u00ed\u010dka<\/span><\/span><span style=\"font-size: large; color: #666666;\">. Za\u010d\u00ednaj\u00facim a menej sk\u00fasen\u00fdm hr\u00e1\u010dom z region\u00e1lnych boccia klubov, ktor\u00ed sa na bodovan\u00e9 medzin\u00e1rodn\u00e9 turnaje a k hre so \u0161pi\u010dkov\u00fdmi hr\u00e1\u010dmi z in\u00fdch kraj\u00edn be\u017ene nedostan\u00fa, umo\u017enila \u00fa\u010das\u0165 na turnaji z\u00edskava\u0165 cenn\u00e9 medzin\u00e1rodn\u00e9 \u0161portov\u00e9 sk\u00fasenosti a poskytla jedine\u010dn\u00fa pr\u00edle\u017eitos\u0165 stretn\u00fa\u0165 sa a zahra\u0165 si so svojimi idolmi a hviezdami.<\/span><\/h3>\n<p>[\/et_pb_text][et_pb_text _builder_version=&#8220;4.17.4&#8243; _module_preset=&#8220;default&#8220; text_font=&#8220;Jaldi|||on|||||&#8220; text_text_color=&#8220;#cccccc&#8220; text_font_size=&#8220;19px&#8220; header_font=&#8220;|||on|||||&#8220; header_2_font=&#8220;|||on|||||&#8220; header_3_font=&#8220;|||on|||||&#8220; header_4_font=&#8220;|||on|||||&#8220; max_width=&#8220;72%&#8220; module_alignment=&#8220;center&#8220; custom_margin=&#8220;40px||-32px|||&#8220; animation_style=&#8220;fade&#8220; global_colors_info=&#8220;{}&#8220;]<\/p>\n<p>Fakty, v\u00fdsledky, gal\u00e9ria&#8230;<\/p>\n<p>[\/et_pb_text][\/et_pb_column][\/et_pb_row][et_pb_row _builder_version=&#8220;4.17.4&#8243; _module_preset=&#8220;default&#8220; module_alignment=&#8220;center&#8220; custom_margin=&#8220;-28px|134px||auto||&#8220; custom_padding=&#8220;13px|||||&#8220; global_colors_info=&#8220;{}&#8220;][et_pb_column type=&#8220;4_4&#8243; _builder_version=&#8220;4.17.4&#8243; _module_preset=&#8220;default&#8220; global_colors_info=&#8220;{}&#8220;][et_pb_text _builder_version=&#8220;4.17.4&#8243; _module_preset=&#8220;default&#8220; text_font=&#8220;Jaldi||||||||&#8220; text_text_color=&#8220;#666666&#8243; text_font_size=&#8220;20px&#8220; text_line_height=&#8220;1.3em&#8220; header_font_size=&#8220;25px&#8220; header_line_height=&#8220;0.9em&#8220; header_2_font_size=&#8220;30px&#8220; header_2_line_height=&#8220;0.8em&#8220; max_width=&#8220;72%&#8220; module_alignment=&#8220;center&#8220; custom_margin=&#8220;60px||-1px||false|false&#8220; custom_padding=&#8220;1px||9px|||&#8220; animation_style=&#8220;fade&#8220; inline_fonts=&#8220;Jaldi,ABeeZee&#8220; global_colors_info=&#8220;{}&#8220;]<\/p>\n<h3 style=\"text-align: left;\"><span style=\"font-size: large; color: #666666;\"><strong>N\u00c1ZOV PODUJATIA:\u00a0 Boccia Tatra Cup 2023<br \/>RO\u010cN\u00cdK: 7.<\/strong><\/span><\/h3>\n<h3 style=\"text-align: left;\"><span style=\"font-size: large; color: #666666;\"><strong>TERM\u00cdN:<\/strong>\u00a0 <strong>15. &#8211; 20. j\u00fan 2023<br \/><\/strong><\/span><strong style=\"color: #666666; font-size: large;\">MIESTO:<\/strong><span style=\"color: #666666; font-size: large;\">\u00a0 <\/span><strong style=\"color: #666666; font-size: large;\">\u0160portov\u00e1 hala Alexandra Wellness Hotel***, <\/strong><span style=\"color: #666666; font-size: large;\">Liptovsk\u00fd J\u00e1n<\/span><\/h3>\n<h3 style=\"text-align: left;\"><span style=\"font-size: large; color: #666666;\"><strong><br \/>4 s\u00fa\u0165a\u017en\u00e9 dni<\/strong> \/ 16. &#8211; 19. j\u00fan 2023<strong><br \/>8 z\u00fa\u010dastnen\u00fdch kraj\u00edn \/ spolu 48 s\u00fa\u0165a\u017eiacich hr\u00e1\u010dov<br \/>19 rozhodcov <\/strong><em>(SVK, CZE)<\/em><strong> \/ 20 dobrovo\u013en\u00edkov &#8211; <\/strong>\u010dasomera\u010di, obslu\u017en\u00fd person\u00e1l<\/span><\/h3>\n<h3 style=\"text-align: left;\"><span style=\"font-size: large; color: #666666;\"><strong>S\u00da\u0164A\u017dN\u00c9 KATEG\u00d3RIE:<br \/><\/strong>Jednotlivci BC1, BC2, BC3, BC4<br \/>T\u00edmy BC1\/BC2 <span style=\"font-family: ABeeZee;\">&amp;<\/span> P\u00e1ry BC3, BC4<\/span><\/h3>\n<h3 style=\"text-align: left;\"><span style=\"font-size: large; color: #666666;\"><strong>Z\u00fa\u010dastnen\u00e9 krajiny:<br \/><\/strong>Slovensko <em>(SVK)<\/em>, \u010cesk\u00e1 republika <em>(CZE)<\/em>, Ma\u010farsko <em>(HUN)<\/em>, Po\u013esko <em>(POL)<\/em>, Chorv\u00e1tsko <em>(CRO)<\/em>, Slovinsko <em>(SLO)<\/em>, Anglicko\/Ve\u013ek\u00e1 Brit\u00e1nia <em>(ENG\/GBR)<\/em>, Belgicko <em>(BEL)<\/em><\/span><\/h3>\n<h3 style=\"text-align: left;\"><span style=\"font-size: large; color: #666666;\"><strong>\u0160pi\u010dkov\u00ed hr\u00e1\u010di sveta a Eur\u00f3py na \u0161tartovnej listine:<br \/><\/strong>Samuel Andrej\u010d\u00edk <em>(SVK\/BC4)<\/em>, Davor Kom\u00e1r <em>(CRO\/BC4)<\/em>, Radek Proch\u00e1zka <em>(CZE\/BC4)<\/em>, Alexandra Szabo <em>(HUN\/BC4)<\/em>, R\u00f3bert Mez\u00edk <em>(SVK\/BC2)<\/em>, Francis Rombouts <em>(BEL\/BC2)<\/em>, Rastislav Kuril\u00e1k <em>(SVK\/BC2)<\/em>, Vivien Nagy <em>(HUN\/BC2)<\/em><\/span><\/h3>\n<p><em><\/em><\/p>\n<p>[\/et_pb_text][et_pb_accordion open_toggle_background_color=&#8220;RGBA(255,255,255,0)&#8220; closed_toggle_background_color=&#8220;RGBA(255,255,255,0)&#8220; toggle_icon=&#8220;&#x43;||divi||400&#8243; _builder_version=&#8220;4.17.4&#8243; _module_preset=&#8220;default&#8220; background_color=&#8220;RGBA(255,255,255,0)&#8220; width=&#8220;72%&#8220; module_alignment=&#8220;center&#8220; min_height=&#8220;48.8px&#8220; custom_margin=&#8220;2px||||false|false&#8220; hover_enabled=&#8220;0&#8243; border_width_all=&#8220;0px&#8220; global_colors_info=&#8220;{}&#8220; sticky_enabled=&#8220;0&#8243;][et_pb_accordion_item title=&#8220;Rozba\u013e pre \u010fal\u0161ie inform\u00e1cie&#8220; open=&#8220;off&#8220; open_toggle_text_color=&#8220;#005BAA&#8220; icon_color=&#8220;#005BAA&#8220; toggle_icon=&#8220;&#x32;||divi||400&#8243; use_icon_font_size=&#8220;on&#8220; icon_font_size=&#8220;19px&#8220; _builder_version=&#8220;4.17.4&#8243; _module_preset=&#8220;default&#8220; custom_margin=&#8220;||||false|false&#8220; custom_padding=&#8220;|||0px|false|false&#8220; border_width_bottom=&#8220;1px&#8220; border_color_bottom=&#8220;#4c8cc3&#8243; global_colors_info=&#8220;{}&#8220; toggle_text_color=&#8220;#005BAA&#8220; toggle_font=&#8220;||||||||&#8220; toggle_font_size=&#8220;15px&#8220; closed_toggle_line_height=&#8220;1em&#8220;][\/et_pb_accordion_item][et_pb_accordion_item title=&#8220;Medailisti&#8220; open_toggle_text_color=&#8220;#666666&#8243; open_toggle_background_color=&#8220;RGBA(255,255,255,0)&#8220; closed_toggle_text_color=&#8220;#666666&#8243; closed_toggle_background_color=&#8220;RGBA(255,255,255,0)&#8220; icon_color=&#8220;#666666&#8243; toggle_icon=&#8220;&#x33;||divi||400&#8243; use_icon_font_size=&#8220;on&#8220; icon_font_size=&#8220;19px&#8220; _builder_version=&#8220;4.17.4&#8243; _module_preset=&#8220;default&#8220; body_font=&#8220;Jaldi||||||||&#8220; body_text_color=&#8220;#666666&#8243; body_font_size=&#8220;20px&#8220; body_line_height=&#8220;1.1em&#8220; custom_padding=&#8220;9px||18px|1px|false|false&#8220; border_width_all=&#8220;2px&#8220; border_color_all=&#8220;#e6e7e8&#8243; border_style_all=&#8220;none&#8220; border_width_bottom=&#8220;1px&#8220; border_color_bottom=&#8220;#949494&#8243; border_style_bottom=&#8220;solid&#8220; global_colors_info=&#8220;{}&#8220; toggle_text_color=&#8220;#666666&#8243; toggle_level=&#8220;h4&#8243; toggle_font=&#8220;Jaldi|||on|||||&#8220; toggle_font_size=&#8220;19px&#8220; toggle_line_height=&#8220;1em&#8220; closed_toggle_font=&#8220;Jaldi||||||||&#8220; closed_toggle_text_align=&#8220;left&#8220; closed_toggle_font_size=&#8220;19px&#8220; closed_toggle_line_height=&#8220;1em&#8220; open=&#8220;off&#8220;]<\/p>\n<table border=\"1\" style=\"border-collapse: collapse; width: 100%;\">\n<tbody>\n<tr>\n<td style=\"width: 50%;\"><strong>Jednotlivci BC1<\/strong><\/td>\n<td style=\"width: 50%;\"><strong>Jednotlivci BC2<\/strong><\/td>\n<\/tr>\n<tr>\n<td style=\"width: 50%;\"><span style=\"font-size: large;\"><strong>1. \u0160tefan Bartek<\/strong> \/ SVK<\/span><br \/><span style=\"font-size: large;\"><strong>2. Roman Sajdak<\/strong> \/ CZE<\/span><br \/><span style=\"font-size: large;\"><strong>3. Caroline Robinson<\/strong> \/ ENG<\/span><\/td>\n<td style=\"width: 50%;\"><span style=\"font-size: large;\"><strong>1. Francis Rombouts<\/strong> \/ BEL<\/span><br \/><span style=\"font-size: large;\"><strong>2. Peter Minarech<\/strong> \/ SVK<\/span><br \/><span style=\"font-size: large;\"><strong>3. Peter Novota<\/strong> \/ SVK<\/span><\/td>\n<\/tr>\n<\/tbody>\n<\/table>\n<table border=\"1\" style=\"border-collapse: collapse; width: 100%;\">\n<tbody>\n<tr>\n<td style=\"width: 50%;\"><strong>Jednotlivci BC3<\/strong><\/td>\n<td style=\"width: 50%;\"><strong>Jednotlivci BC4<\/strong><\/td>\n<\/tr>\n<tr>\n<td style=\"width: 50%;\"><span style=\"font-size: large;\"><strong>1. Rafael Joung<\/strong> \/ ENG<strong><br \/>2. Marcela \u010cerm\u00e1kov\u00e1<\/strong> \/ CZE<strong><br \/>3. Michal Ti\u017eo<\/strong> \/ SVK<\/span><\/td>\n<td style=\"width: 50%;\"><span style=\"font-size: large;\"><strong>1. Samuel Andrej\u010d\u00edk<\/strong> \/ SVK<strong><br \/>2. Davor Kom\u00e1r<\/strong> \/ CRO<strong><br \/>3. Radek Proch\u00e1zka<\/strong> \/ CZE<\/span><\/td>\n<\/tr>\n<\/tbody>\n<\/table>\n<table border=\"1\" style=\"border-collapse: collapse; width: 100%;\">\n<tbody>\n<tr>\n<td style=\"width: 50%;\"><strong>T\u00edmy BC1\/BC2<\/strong><\/td>\n<\/tr>\n<tr>\n<td style=\"width: 50%;\"><span style=\"font-size: large;\"><strong>1. Tom\u00e1\u0161 Kr\u00e1l, Rastislav Kuril\u00e1k, Krist\u00edna Kudl\u00e1\u010dov\u00e1<\/strong> \/ SVK<\/span><br \/><span style=\"font-size: large;\"><strong>2. Caroline Robinson, Jason Rolph, Vivien Nagy<\/strong> \/ ENG, ENG, HUN<\/span><br \/><span style=\"font-size: large;\"><strong>3. \u0160tefan Bartek, Peter Minarech, Peter Novota <\/strong>\/ SVK<\/span><\/td>\n<\/tr>\n<\/tbody>\n<\/table>\n<table border=\"1\" style=\"width: 100%; border-collapse: collapse;\">\n<tbody>\n<tr>\n<td style=\"width: 50%;\"><strong>P\u00e1ry BC3<\/strong><\/td>\n<td style=\"width: 50%;\"><strong>P\u00e1ry BC4<\/strong><\/td>\n<\/tr>\n<tr>\n<td style=\"width: 50%;\"><span style=\"font-size: large;\"><strong>1. Boris Klohna, \u013duba \u0160kvarnov\u00e1<\/strong> \/ SVK<strong><br \/>2. Bor Tit Jerlah, Klemen Kram\u017ear<\/strong> \/ SLO<strong><br \/>3. Michal Ti\u017eo, Miroslav Bielak<\/strong> \/ SVK<\/span><\/td>\n<td style=\"width: 50%;\"><span style=\"font-size: large;\"><strong>1. Mari\u00e1n Klim\u010do, Davor Kom\u00e1r<\/strong> \/ SVK, CRO<\/span><br \/><span style=\"font-size: large;\"><strong>2. Bla\u017e Adamlje, Matja\u017e Bartol<\/strong> \/ SLO<\/span><br \/><span style=\"font-size: large;\"><strong>3. Samuel Andrej\u010d\u00edk, Krist\u00edna Voz\u00e1rov\u00e1 <\/strong>\/ SVK<\/span><\/td>\n<\/tr>\n<\/tbody>\n<\/table>\n<p>[\/et_pb_accordion_item][et_pb_accordion_item title=&#8220;Program Podujatia&#8220; open_toggle_text_color=&#8220;#666666&#8243; open_toggle_background_color=&#8220;RGBA(255,255,255,0)&#8220; closed_toggle_text_color=&#8220;#666666&#8243; closed_toggle_background_color=&#8220;RGBA(255,255,255,0)&#8220; icon_color=&#8220;#666666&#8243; toggle_icon=&#8220;&#x33;||divi||400&#8243; use_icon_font_size=&#8220;on&#8220; icon_font_size=&#8220;19px&#8220; _builder_version=&#8220;4.17.4&#8243; _module_preset=&#8220;default&#8220; body_font=&#8220;Jaldi||||||||&#8220; body_text_color=&#8220;#666666&#8243; body_font_size=&#8220;20px&#8220; body_line_height=&#8220;1.1em&#8220; custom_padding=&#8220;1px||18px|1px|false|false&#8220; border_width_all=&#8220;2px&#8220; border_color_all=&#8220;#e6e7e8&#8243; border_style_all=&#8220;none&#8220; border_width_bottom=&#8220;1px&#8220; border_color_bottom=&#8220;#949494&#8243; border_style_bottom=&#8220;solid&#8220; global_colors_info=&#8220;{}&#8220; toggle_text_color=&#8220;#666666&#8243; toggle_level=&#8220;h4&#8243; toggle_font=&#8220;Jaldi|||on|||||&#8220; toggle_font_size=&#8220;19px&#8220; toggle_line_height=&#8220;1em&#8220; closed_toggle_font=&#8220;Jaldi||||||||&#8220; closed_toggle_text_align=&#8220;left&#8220; closed_toggle_font_size=&#8220;19px&#8220; closed_toggle_line_height=&#8220;1em&#8220; open=&#8220;off&#8220;]<\/p>\n<p><span style=\"font-size: large;\"><b>15.06.2023 \/ \u0161tvrtok<br \/><\/b>16:00 &#8211; Pr\u00edchod \u00fa\u010dastn\u00edkov, ubytovanie, obhliadka haly, tr\u00e9ningy<\/span><br \/><span style=\"font-size: large;\">19:00 &#8211; Ve\u010dera<br \/>20:00 &#8211; Workshop so Samuelom a Michaelou, vo\u013en\u00fd program<\/span><\/p>\n<p><span style=\"font-size: large;\"><b>16.06.2023 \/ piatok<br \/><\/b>08:00 &#8211; Ra\u0148ajky<\/span><br \/><span style=\"font-size: large;\">09:00 &#8211; Otv\u00e1rac\u00ed ceremoni\u00e1l &#8211; <em>n\u00e1stup \u00fa\u010dastn\u00edkov, kult\u00farny program (moder\u00e1tor Gabriel, Cindru\u0161ka)<\/em><br \/>09:30 &#8211; S\u00fa\u0165a\u017ee jednotlivcov <em>&#8211; z\u00e1pasy v skupin\u00e1ch<\/em><\/span><br \/><span style=\"font-size: large;\">13:00 &#8211; Obed<\/span><br \/><span style=\"font-size: large;\">14:00 &#8211; S\u00fa\u0165a\u017ee jednotlivcov <em>&#8211; z\u00e1pasy v skupin\u00e1ch<\/em><\/span><br \/><span style=\"font-size: large;\">19:00 &#8211; Ve\u010dera<br \/>20:00 &#8211; Workshop so Samuelom a Michaelou, vo\u013en\u00fd program<br \/><\/span><\/p>\n<p><span style=\"font-size: large;\"><b>17.06.2023 \/ sobota<br \/><\/b>08:00 &#8211; Ra\u0148ajky<\/span><br \/><span style=\"font-size: large;\">09:00 &#8211; S\u00fa\u0165a\u017ee jednotlivcov <em>&#8211; z\u00e1pasy v skupin\u00e1ch<\/em><\/span><br \/><span style=\"font-size: large;\">13:00 &#8211; Obed<\/span><br \/><span style=\"font-size: large;\">14:00 &#8211; S\u00fa\u0165a\u017ee jednotlivcov <em>&#8211; vyra\u010fovacie z\u00e1pasy a fin\u00e1lov\u00e1 f\u00e1za<\/em><\/span><br \/><span style=\"font-size: large;\">19:00 &#8211; Ve\u010dera<br \/>20:00 &#8211; Workshop so Samuelom a Michaelou, vo\u013en\u00fd program<br \/><\/span><\/p>\n<p><span style=\"font-size: large;\"><b>18.06.2023 \/ nede\u013ea<br \/><\/b>08:00 &#8211; Ra\u0148ajky<\/span><br \/><span style=\"font-size: large;\">09:00 &#8211; S\u00fa\u0165a\u017ee jednotlivcov <em>&#8211; fin\u00e1lov\u00e1 f\u00e1za<\/em><\/span><br \/><span style=\"font-size: large;\">13:00 &#8211; Obed<\/span><br \/><span style=\"font-size: large;\">14:00 &#8211; S\u00fa\u0165a\u017ee t\u00edmov a p\u00e1rov <em>&#8211; z\u00e1pasy v skupin\u00e1ch<\/em><\/span><br \/><span style=\"font-size: large;\">19:00 &#8211; Ve\u010dera<br \/>20:00 &#8211; Workshop so Samuelom a Michaelou, vo\u013en\u00fd program<br \/><\/span><\/p>\n<p><span style=\"font-size: large;\"><b>19.06.2023 \/ pondelok<br \/><\/b>08:00 &#8211; Ra\u0148ajky<\/span><br \/><span style=\"font-size: large;\">09:00 &#8211; S\u00fa\u0165a\u017ee t\u00edmov a p\u00e1rov <em>&#8211; z\u00e1pasy v skupin\u00e1ch<\/em><\/span><br \/><span style=\"font-size: large;\">13:00 &#8211; Obed<\/span><br \/><span style=\"font-size: large;\">14:00 &#8211; S\u00fa\u0165a\u017ee t\u00edmov a p\u00e1rov <em>&#8211; fin\u00e1lov\u00e1 f\u00e1za<\/em><br \/>15:00 &#8211; Vyhl\u00e1senie v\u00fdsledkov a medailov\u00e1 ceremoni\u00e1l<\/span><br \/><span style=\"font-size: large;\">19:00 &#8211; Ve\u010dera<br \/>20:00 &#8211; Rozl\u00fa\u010dkov\u00fd ve\u010dierok <em>&#8211; spolo\u010densk\u00fd ve\u010der s reprodukovanou hudbou a tancom<\/em><br \/>01:00 &#8211; Oh\u0148ostroj<\/span><\/p>\n<p><span style=\"font-size: large;\"><b>20.06.2023 \/ utorok<br \/><\/b>08:00 &#8211; Ra\u0148ajky<\/span><br \/><span style=\"font-size: large;\">10:00 &#8211; Odchod \u00fa\u010dastn\u00edkov<\/span><\/p>\n<p>[\/et_pb_accordion_item][et_pb_accordion_item title=&#8220;Realiza\u010dn\u00fd t\u00edm \/ \u00da\u010dinkuj\u00faci&#8220; open_toggle_text_color=&#8220;#666666&#8243; open_toggle_background_color=&#8220;RGBA(255,255,255,0)&#8220; closed_toggle_text_color=&#8220;#666666&#8243; closed_toggle_background_color=&#8220;RGBA(255,255,255,0)&#8220; icon_color=&#8220;#666666&#8243; toggle_icon=&#8220;&#x33;||divi||400&#8243; use_icon_font_size=&#8220;on&#8220; icon_font_size=&#8220;19px&#8220; _builder_version=&#8220;4.17.4&#8243; _module_preset=&#8220;default&#8220; body_font=&#8220;Jaldi||||||||&#8220; body_text_color=&#8220;#666666&#8243; body_font_size=&#8220;20px&#8220; body_line_height=&#8220;1.1em&#8220; custom_padding=&#8220;1px||18px|1px|false|false&#8220; border_width_all=&#8220;2px&#8220; border_color_all=&#8220;#e6e7e8&#8243; border_style_all=&#8220;none&#8220; border_width_bottom=&#8220;1px&#8220; border_color_bottom=&#8220;#949494&#8243; border_style_bottom=&#8220;solid&#8220; global_colors_info=&#8220;{}&#8220; toggle_text_color=&#8220;#666666&#8243; toggle_level=&#8220;h4&#8243; toggle_font=&#8220;Jaldi|||on|||||&#8220; toggle_font_size=&#8220;19px&#8220; toggle_line_height=&#8220;1em&#8220; closed_toggle_font=&#8220;Jaldi||||||||&#8220; closed_toggle_text_align=&#8220;left&#8220; closed_toggle_font_size=&#8220;19px&#8220; closed_toggle_line_height=&#8220;1em&#8220; open=&#8220;off&#8220;]<\/p>\n<h4><strong style=\"font-size: large;\">Organiz\u00e1tor:<\/strong><span style=\"font-size: large;\">\u00a0 ZOM Pre\u0161ov &#8211; ob\u010dianske zdru\u017eenie \u013eud\u00ed so zdravotn\u00fdm postihnut\u00edm<\/span><\/h4>\n<h3><strong style=\"font-size: large;\">Riadite\u013e turnaja:<\/strong><span style=\"font-size: large;\">\u00a0 Boris Klohna<br \/><\/span><span style=\"font-size: large; color: #666666;\"><strong>Technick\u00fd riadite\u013e turnaja:<\/strong>\u00a0 Mgr. Ondrej Ba\u0161\u0165\u00e1k \u010eur\u00e1n<br \/><strong>Hlavn\u00fd rozhodca:<\/strong>\u00a0 Mgr. Mat\u00fa\u0161 Grega<br \/><strong>Projektov\u00fd mana\u017e\u00e9r \/ grafick\u00fd dizajn:<\/strong>\u00a0 PaedDr. Anna Ma\u010dov\u00e1<br \/><strong>Ozvu\u010denie:<\/strong>\u00a0 Jozef Sirot\u0148\u00e1k<br \/><strong>Foto:<\/strong>\u00a0 B\u00e1ra Noskov\u00e1<\/span><\/h3>\n<p><span style=\"font-size: large; color: #666666;\"><\/span><span style=\"font-size: large; color: #666666;\"><strong>Moder\u00e1tor:\u00a0<\/strong> Gabriel Blch\u00e1\u010d, MSc \/ <span style=\"color: #2ea3f2;\"><a href=\"https:\/\/moderatorgabriel.sk\/\" style=\"color: #2ea3f2;\"><em>www.moderatorgabriel.sk<\/em><\/a><\/span><br \/><strong>\u00da\u010dinkuj\u00faci:<\/strong>\u00a0 detsk\u00fd folkl\u00f3rny s\u00fabor Cindru\u0161ka, Liptovsk\u00fd Hr\u00e1dok \/<em> <a href=\"http:\/\/www.cindruska.sk\">www.cindruska.sk<\/a><\/em><\/span><\/p>\n<p>[\/et_pb_accordion_item][et_pb_accordion_item title=&#8220;Sprievodn\u00fd program&#8220; open_toggle_text_color=&#8220;#666666&#8243; open_toggle_background_color=&#8220;RGBA(255,255,255,0)&#8220; closed_toggle_text_color=&#8220;#666666&#8243; closed_toggle_background_color=&#8220;RGBA(255,255,255,0)&#8220; icon_color=&#8220;#666666&#8243; toggle_icon=&#8220;&#x33;||divi||400&#8243; use_icon_font_size=&#8220;on&#8220; icon_font_size=&#8220;19px&#8220; _builder_version=&#8220;4.17.4&#8243; _module_preset=&#8220;default&#8220; body_font=&#8220;Jaldi||||||||&#8220; body_text_color=&#8220;#666666&#8243; body_font_size=&#8220;20px&#8220; body_line_height=&#8220;1.1em&#8220; custom_padding=&#8220;1px||18px|1px|false|false&#8220; border_width_all=&#8220;2px&#8220; border_color_all=&#8220;#e6e7e8&#8243; border_style_all=&#8220;none&#8220; border_width_bottom=&#8220;1px&#8220; border_color_bottom=&#8220;#949494&#8243; border_style_bottom=&#8220;solid&#8220; global_colors_info=&#8220;{}&#8220; toggle_text_color=&#8220;#666666&#8243; toggle_level=&#8220;h4&#8243; toggle_font=&#8220;Jaldi|||on|||||&#8220; toggle_font_size=&#8220;19px&#8220; toggle_line_height=&#8220;1em&#8220; closed_toggle_font=&#8220;Jaldi||||||||&#8220; closed_toggle_text_align=&#8220;left&#8220; closed_toggle_font_size=&#8220;19px&#8220; closed_toggle_line_height=&#8220;1em&#8220; open=&#8220;off&#8220;]<\/p>\n<p><span style=\"font-size: large;\"><b>*****<\/b><\/span><\/p>\n<p><span style=\"font-size: large;\"><b>WORKSHOPY so Samuelom a Michaelou<\/b>\u00a0\/ 4 x 2 hodiny<br \/>\/ pr\u00edle\u017eitos\u0165 u\u010di\u0165 sa od t\u00fdch najlep\u0161\u00edch&#8230;.<\/span><\/p>\n<p><span style=\"font-size: large;\">s\u00e9ria 4 otvoren\u00fdch tr\u00e9ningov\u00fdch workshopov pre za\u010d\u00ednaj\u00facim a menej sk\u00fasen\u00fdch hr\u00e1\u010dov, ich \u0161portov\u00fdch asistentov a tr\u00e9nerov<\/span><\/p>\n<p><span style=\"font-size: large;\"><strong>term\u00edn:<\/strong>\u00a0 15. &#8211; 18. j\u00fan 2023 \/ v\u017edy 20:00 &#8211; 22:00<br \/><strong>miesto:<\/strong>\u00a0 \u0160portov\u00e1 hala Alexandra Wellness Hotel***, Liptovsk\u00fd J\u00e1n<\/span><\/p>\n<p><strong style=\"font-size: large;\">obsahov\u00e1 n\u00e1pl\u0148: <br \/><\/strong><span style=\"font-size: large;\">metodick\u00e9 in\u0161trukt\u00e1\u017ee, spolo\u010dn\u00e9 tr\u00e9ningy boccie, individu\u00e1lne konzult\u00e1cie, individu\u00e1lne tr\u00e9ningov\u00e9 z\u00e1pasy s \u00faspe\u0161n\u00fdmi paralympionikmi<\/span><\/p>\n<p><span style=\"font-size: large;\"><strong>t\u00e9matick\u00e9 zameranie:<\/strong> <br \/>n\u00e1radie a \u0161portov\u00e9 vybavenie na bocciu, profesion\u00e1lne tr\u00e9ningov\u00e9 met\u00f3dy, hern\u00e1 taktika, <\/span><span style=\"font-size: large;\">\u0161portov\u00e1 asistencia<\/span><\/p>\n<p><span style=\"font-size: large;\"><strong>odborn\u00fd person\u00e1l a ambas\u00e1dori:<\/strong> <br \/>Samuel Andrej\u010d\u00edk, Michaela Balcov\u00e1, Rastislav Kuril\u00e1k, Radek Proch\u00e1zka <em>(CZE)<\/em>, Mgr. Ondrej Ba\u0161\u0165\u00e1k \u010eur\u00e1n<\/span><\/p>\n<p><span style=\"font-size: large;\"><em>*****<\/em><\/span><\/p>\n<p><em><\/em><span style=\"font-size: large;\"><strong>VEREJN\u00c9 PREZENT\u00c1CIE<\/strong><\/span><\/p>\n<p><span style=\"font-size: large;\">verejn\u00e9 prezenta\u010dn\u00e9 aktivity <em>(outdoor, indoor) <\/em>zameran\u00e9 na prezent\u00e1ciu boccie, projektu Boccia Tatra Cup a projektov\u00fdch partnerov v spolupr\u00e1ci s miestnymi samospr\u00e1vami v regi\u00f3ne<\/span><\/p>\n<p><span style=\"font-size: large;\"><strong>Outdoor:\u00a0<\/strong> 15.06.2023 \/ 16:30 &#8211; 18:00 &#8211; Liptovsk\u00fd Hr\u00e1dok, N\u00e1mestie Franti\u0161ka Wisnera<br \/><strong>Indoor:<\/strong>\u00a0 16. &#8211; 20.06.2023 &#8211; <\/span><span style=\"font-size: large;\">are\u00e1l a \u0161portov\u00e1 hala Alexandra Wellness Hotel***, Liptovsk\u00fd J\u00e1n<\/span><\/p>\n<p><span style=\"font-size: large;\"><strong><em>*****<\/em><\/strong><\/span><\/p>\n<p><span style=\"font-size: large;\"><strong>ROZL\u00da\u010cKOV\u00dd VE\u010cIEROK<\/strong><\/span><\/p>\n<p><span style=\"font-size: large;\">spolo\u010densk\u00fd ve\u010der s reprodukovanou hudbou a tancom, polno\u010dn\u00fd oh\u0148ostroj<br \/><\/span><strong style=\"font-size: large;\">term\u00edn:<\/strong><span style=\"font-size: large;\">\u00a0 19. j\u00fan 2023 \/ 20:00 &#8211; 01:00<br \/><\/span><span style=\"font-size: large;\"><strong>miesto:<\/strong>\u00a0 re\u0161taur\u00e1cia Alexandra Wellness Hotel*** a parkovisko pred hotelom, Liptovsk\u00fd J\u00e1n<br \/><\/span><\/p>\n<p>[\/et_pb_accordion_item][et_pb_accordion_item title=&#8220;Projektov\u00ed partneri V4&#8243; open_toggle_text_color=&#8220;#666666&#8243; open_toggle_background_color=&#8220;RGBA(255,255,255,0)&#8220; closed_toggle_text_color=&#8220;#666666&#8243; closed_toggle_background_color=&#8220;RGBA(255,255,255,0)&#8220; icon_color=&#8220;#666666&#8243; toggle_icon=&#8220;&#x33;||divi||400&#8243; use_icon_font_size=&#8220;on&#8220; icon_font_size=&#8220;19px&#8220; _builder_version=&#8220;4.17.4&#8243; _module_preset=&#8220;default&#8220; body_font=&#8220;Jaldi||||||||&#8220; body_text_color=&#8220;#666666&#8243; body_font_size=&#8220;20px&#8220; body_line_height=&#8220;1.1em&#8220; custom_padding=&#8220;1px||18px|1px|false|false&#8220; border_width_all=&#8220;2px&#8220; border_color_all=&#8220;#e6e7e8&#8243; border_style_all=&#8220;none&#8220; border_width_bottom=&#8220;1px&#8220; border_color_bottom=&#8220;#949494&#8243; border_style_bottom=&#8220;solid&#8220; global_colors_info=&#8220;{}&#8220; toggle_text_color=&#8220;#666666&#8243; toggle_level=&#8220;h4&#8243; toggle_font=&#8220;Jaldi|||on|||||&#8220; toggle_font_size=&#8220;19px&#8220; toggle_line_height=&#8220;1em&#8220; closed_toggle_font=&#8220;Jaldi||||||||&#8220; closed_toggle_text_align=&#8220;left&#8220; closed_toggle_font_size=&#8220;19px&#8220; closed_toggle_line_height=&#8220;1em&#8220; open=&#8220;off&#8220;]<\/p>\n<h3><span style=\"font-size: large; color: #666666;\"><strong>Projektov\u00ed partneri V4:<\/strong><\/span><\/h3>\n<h3><span style=\"font-size: large; color: #666666;\"><strong>SC J\u00da Praha<\/strong> &#8211; Sportovn\u00ed klub Jedli\u010dkova \u00fastavu Praham o.s. \/ \u010cESK\u00c1 REPUBLIKA<br \/><strong>PROMETEUS<\/strong> &#8211; Zdru\u017eenie telesne postihnut\u00fdch, ich rod\u00edn a priate\u013eov \/ PO\u013dSKO<br \/><strong>FODISZ<\/strong> &#8211; N\u00e1rodn\u00fd zv\u00e4z zdravotne postihnut\u00fdch \u0161tudentov a vo\u013eno\u010dasov\u00fdch \u0161portov \/ MA\u010eARSKO<\/span><\/h3>\n<h4 style=\"text-align: left;\"><span style=\"font-size: medium; color: #666666; font-family: Jaldi; font-weight: normal;\"><em>Projekt je spolufinancovan\u00fd vl\u00e1dami \u010ceskej republiky, Ma\u010farska, Po\u013eska a Slovenska prostredn\u00edctvom Vy\u0161egradsk\u00fdch grantov z Medzin\u00e1rodn\u00e9ho vy\u0161egradsk\u00e9ho fondu. Poslan\u00edm fondu je presadzova\u0165 my\u0161lienky udr\u017eate\u013enej region\u00e1lnej spolupr\u00e1ce v strednej Eur\u00f3pe.<\/em><\/span><\/h4>\n<p>[\/et_pb_accordion_item][et_pb_accordion_item title=&#8220;\u010eal\u0161\u00ed partneri a podporovatelia&#8220; open_toggle_text_color=&#8220;#666666&#8243; open_toggle_background_color=&#8220;RGBA(255,255,255,0)&#8220; closed_toggle_text_color=&#8220;#666666&#8243; closed_toggle_background_color=&#8220;RGBA(255,255,255,0)&#8220; icon_color=&#8220;#666666&#8243; toggle_icon=&#8220;&#x33;||divi||400&#8243; use_icon_font_size=&#8220;on&#8220; icon_font_size=&#8220;19px&#8220; _builder_version=&#8220;4.17.4&#8243; _module_preset=&#8220;default&#8220; body_font=&#8220;Jaldi||||||||&#8220; body_text_color=&#8220;#666666&#8243; body_font_size=&#8220;20px&#8220; body_line_height=&#8220;1.1em&#8220; custom_padding=&#8220;1px||18px|1px|false|false&#8220; border_width_all=&#8220;2px&#8220; border_color_all=&#8220;#e6e7e8&#8243; border_style_all=&#8220;none&#8220; border_width_bottom=&#8220;1px&#8220; border_color_bottom=&#8220;#949494&#8243; border_style_bottom=&#8220;solid&#8220; global_colors_info=&#8220;{}&#8220; toggle_text_color=&#8220;#666666&#8243; toggle_level=&#8220;h4&#8243; toggle_font=&#8220;Jaldi|||on|||||&#8220; toggle_font_size=&#8220;19px&#8220; toggle_line_height=&#8220;1em&#8220; closed_toggle_font=&#8220;Jaldi||||||||&#8220; closed_toggle_text_align=&#8220;left&#8220; closed_toggle_font_size=&#8220;19px&#8220; closed_toggle_line_height=&#8220;1em&#8220; open=&#8220;off&#8220;]<\/p>\n<h3 style=\"text-align: left;\"><span style=\"font-size: large; color: #666666;\"><strong>Slovensk\u00fd zv\u00e4z telesne postihnut\u00fdch \u0161portovcov<\/strong><br \/><strong>Pre\u0161ovsk\u00fd samospr\u00e1vny kraj<\/strong><br \/><strong>Mesto Liptovsk\u00fd Hr\u00e1dok<\/strong><\/span><\/h3>\n<h3 style=\"text-align: left;\"><span style=\"font-size: large; color: #666666;\"><strong>BASHTO SPORTS, s.r.o.<\/strong> \/ \u0161portov\u00e9 vybavenie na bocciu &#8211; <em>predaj, poradenstvo<\/em><br \/><strong>AQUA PRO EUROPE a.s. <\/strong>\/ produktov\u00e1 podpora &#8211; <em>pitn\u00fd re\u017eim (pramenit\u00e1 voda)<\/em><br \/><strong>\u0160PES <span style=\"font-family: ABeeZee;\">&amp;<\/span> Partners, s.r.o.<\/strong> \/ produktov\u00e1 podpora &#8211; <em>pitn\u00fd re\u017eim (k\u00e1va)<\/em><br \/><strong>Ing. Arch. Ivan Marcinko<\/strong> &#8211; lacn\u00e1 3D tla\u010d.sk \/ produktov\u00e1 podpora &#8211; <em>podstavce pod trofeje<\/em><\/span><\/h3>\n<h3 style=\"text-align: left;\"><span style=\"font-size: large; color: #666666;\"><strong>Detsk\u00fd folkl\u00f3rny s\u00fabor Cindru\u0161ka<\/strong>, ZU\u0160 Liptovsk\u00fd Hr\u00e1dok, umeleck\u00e1 ved\u00faca Mgr. Elena Jurenov\u00e1<em><br \/><\/em><strong>Gabriel Blch\u00e1\u010d MSc, moderatorgabriel.sk<\/strong><\/span><\/h3>\n<p>[\/et_pb_accordion_item][et_pb_accordion_item title=&#8220;Na stiahnutie \/ propoz\u00edcie, propaga\u010dn\u00fd materi\u00e1l&#8220; open_toggle_text_color=&#8220;#666666&#8243; open_toggle_background_color=&#8220;RGBA(255,255,255,0)&#8220; closed_toggle_text_color=&#8220;#666666&#8243; closed_toggle_background_color=&#8220;RGBA(255,255,255,0)&#8220; icon_color=&#8220;#666666&#8243; toggle_icon=&#8220;&#x33;||divi||400&#8243; use_icon_font_size=&#8220;on&#8220; icon_font_size=&#8220;19px&#8220; _builder_version=&#8220;4.17.4&#8243; _module_preset=&#8220;default&#8220; body_font=&#8220;Jaldi||||||||&#8220; body_text_color=&#8220;#666666&#8243; body_font_size=&#8220;20px&#8220; body_line_height=&#8220;1.1em&#8220; custom_padding=&#8220;1px||18px|1px|false|false&#8220; hover_enabled=&#8220;0&#8243; border_width_all=&#8220;2px&#8220; border_color_all=&#8220;#e6e7e8&#8243; border_style_all=&#8220;none&#8220; border_width_bottom=&#8220;1px&#8220; border_color_bottom=&#8220;#949494&#8243; border_style_bottom=&#8220;solid&#8220; global_colors_info=&#8220;{}&#8220; toggle_text_color=&#8220;#666666&#8243; toggle_level=&#8220;h4&#8243; toggle_font=&#8220;Jaldi|||on|||||&#8220; toggle_font_size=&#8220;19px&#8220; toggle_line_height=&#8220;1em&#8220; closed_toggle_font=&#8220;Jaldi||||||||&#8220; closed_toggle_text_align=&#8220;left&#8220; closed_toggle_font_size=&#8220;19px&#8220; closed_toggle_line_height=&#8220;1em&#8220; open=&#8220;off&#8220; sticky_enabled=&#8220;0&#8243;]<\/p>\n<h4><span style=\"color: #3366ff;\"><span style=\"color: #000000;\"><strong>Boccia Tatra Cup 2023<\/strong> \/ plag\u00e1t, jpg\u00a0 <\/span><\/span><em style=\"color: #666666; font-size: large;\"><\/em><span style=\"font-size: large; color: #666666;\"><a href=\"https:\/\/www.bocciatatracup.sk\/wp-content\/uploads\/2024\/03\/Boccia-Tatra-Cup-2023-poster.jpg\" target=\"_blank\" rel=\"noopener\"><span style=\"color: #2ea3f2;\"><em>stiahnu\u0165\u00a0 \u2192<\/em><\/span><\/a><br \/><\/span><span style=\"color: #3366ff;\"><span style=\"color: #000000;\"><strong>Boccia Tatra Cup 2023<\/strong> \/ webbanner 770 x 405 px, jpg\u00a0 <\/span><\/span><em style=\"color: #666666; font-size: large;\"><\/em><span style=\"font-size: large; color: #666666;\"><a href=\"https:\/\/www.bocciatatracup.sk\/wp-content\/uploads\/2024\/03\/Boccia-Tatra-Cup-2023-webbanner-770-x-405-px-_SVK.jpg\" target=\"_blank\" rel=\"noopener\"><span style=\"color: #2ea3f2;\"><em>stiahnu\u0165\u00a0 \u2192<\/em><\/span><\/a><br \/><\/span><span style=\"color: #3366ff;\"><span style=\"color: #000000;\"><strong>Boccia Tatra Cup propoz\u00edcie<\/strong> \/ dokument pdf\u00a0 <\/span><\/span><em style=\"color: #666666; font-size: large;\"><\/em><span style=\"font-size: large; color: #666666;\"><a href=\"https:\/\/www.bocciatatracup.sk\/wp-content\/uploads\/2024\/03\/BTC-23-Propozicie.pdf\" target=\"_blank\" rel=\"noopener\"><span style=\"color: #2ea3f2;\"><em>stiahnu\u0165\u00a0 \u2192<\/em><\/span><\/a><\/span><\/h4>\n<p>[\/et_pb_accordion_item][et_pb_accordion_item title=&#8220;Kontakty&#8220; open_toggle_text_color=&#8220;#666666&#8243; open_toggle_background_color=&#8220;RGBA(255,255,255,0)&#8220; closed_toggle_text_color=&#8220;#666666&#8243; closed_toggle_background_color=&#8220;RGBA(255,255,255,0)&#8220; icon_color=&#8220;#666666&#8243; toggle_icon=&#8220;&#x33;||divi||400&#8243; use_icon_font_size=&#8220;on&#8220; icon_font_size=&#8220;19px&#8220; _builder_version=&#8220;4.17.4&#8243; _module_preset=&#8220;default&#8220; body_font=&#8220;Jaldi||||||||&#8220; body_text_color=&#8220;#666666&#8243; body_font_size=&#8220;20px&#8220; body_line_height=&#8220;1.1em&#8220; custom_padding=&#8220;9px||18px|1px|false|false&#8220; border_width_all=&#8220;2px&#8220; border_color_all=&#8220;#e6e7e8&#8243; border_style_all=&#8220;none&#8220; border_width_bottom=&#8220;1px&#8220; border_color_bottom=&#8220;#949494&#8243; border_style_bottom=&#8220;solid&#8220; global_colors_info=&#8220;{}&#8220; toggle_text_color=&#8220;#666666&#8243; toggle_level=&#8220;h4&#8243; toggle_font=&#8220;Jaldi|||on|||||&#8220; toggle_font_size=&#8220;19px&#8220; toggle_line_height=&#8220;1em&#8220; closed_toggle_font=&#8220;Jaldi||||||||&#8220; closed_toggle_text_align=&#8220;left&#8220; closed_toggle_font_size=&#8220;19px&#8220; closed_toggle_line_height=&#8220;1em&#8220; open=&#8220;on&#8220;]<\/p>\n<p><span style=\"font-size: large;\"><strong>ZOM Pre\u0161ov &#8211; ob\u010dianske zdru\u017eenie \u013eud\u00ed so zdravotn\u00fdm postihnut\u00edm<br \/><\/strong>Karpatsk\u00e1 18, 080 01 Pre\u0161ov, Slovensko<\/span><\/p>\n<p><span style=\"font-size: large;\"><strong>kontaktn\u00e1 osoba:<\/strong> Boris Klohna<\/span><br \/><span style=\"font-size: large;\"><strong>e-mail:<\/strong> \u00a0zompresov@zompresov.sk<\/span><br \/><span style=\"font-size: large;\"><strong>web:<\/strong> \u00a0<span style=\"color: #005baa;\"><a href=\"http:\/\/www.zompresov.sk\/\" target=\"_blank\" rel=\"noopener\" style=\"color: #005baa;\"><span style=\"color: #2ea3f2;\">www.zompresov.sk<\/span><\/a><\/span><\/span><\/p>\n<p>&nbsp;<\/p>\n<p>[\/et_pb_accordion_item][\/et_pb_accordion][\/et_pb_column][\/et_pb_row][et_pb_row use_custom_gutter=&#8220;on&#8220; gutter_width=&#8220;1&#8243; _builder_version=&#8220;4.17.4&#8243; _module_preset=&#8220;default&#8220; width=&#8220;auto&#8220; max_width=&#8220;2560px&#8220; module_alignment=&#8220;center&#8220; custom_padding=&#8220;51px|||||&#8220; global_colors_info=&#8220;{}&#8220;][et_pb_column type=&#8220;4_4&#8243; _builder_version=&#8220;4.17.4&#8243; _module_preset=&#8220;default&#8220; global_colors_info=&#8220;{}&#8220;][et_pb_text _builder_version=&#8220;4.17.4&#8243; _module_preset=&#8220;default&#8220; text_font=&#8220;Jaldi|||on|||||&#8220; text_text_color=&#8220;rgba(0,0,0,0.25)&#8220; text_font_size=&#8220;19px&#8220; header_font=&#8220;Jaldi|||on|||||&#8220; header_text_color=&#8220;rgba(0,0,0,0.25)&#8220; header_font_size=&#8220;19px&#8220; min_height=&#8220;6.8px&#8220; custom_margin=&#8220;||26px|||&#8220; custom_padding=&#8220;||0px|||&#8220; global_colors_info=&#8220;{}&#8220;]<\/p>\n<p style=\"text-align: center;\">gal\u00e9ria<\/p>\n<p>[\/et_pb_text][et_pb_text _builder_version=&#8220;4.17.4&#8243; _module_preset=&#8220;default&#8220; custom_margin=&#8220;-24px||28px|||&#8220; inline_fonts=&#8220;Jaldi&#8220; global_colors_info=&#8220;{}&#8220;]<\/p>\n<p style=\"text-align: center;\"><span style=\"color: rgba(0, 0, 0, 0.25);\"><em><span style=\"font-family: Jaldi; font-weight: normal; font-size: large;\">(kliknite na fotografiu pre zv\u00e4\u010d\u0161enie)<\/span><\/em><\/span><\/p>\n<p>[\/et_pb_text][et_pb_text _builder_version=&#8220;4.17.4&#8243; _module_preset=&#8220;default&#8220; custom_margin=&#8220;-9px|||||&#8220; global_colors_info=&#8220;{}&#8220;]<\/p>\n<p style=\"text-align: center;\"><span style=\"font-family: Jaldi; font-weight: normal; font-size: x-large;\">Boccia Tatra Cup 2023 &#8211; \u0161portov\u00e9 z\u00e1polenie s pridanou hodnotou&#8230;<\/span><\/p>\n<p>[\/et_pb_text][et_pb_gallery gallery_ids=&#8220;2654,2765,2777,2788,2799,2810,2821,2832,2843,2655,2666,2677,2688,2699,2710,2721,3286,2732,2743,2754,2766,2768,2769,2770,2771,2772,2773,2774,2775,2776,2778,2779,2780,2781,2782,2783,2784,2785,2786,2787,2789,2790,2791,2792,2793,2794,2795,2796,2797,2798,2800,2801,2802,2803,2804,2805,2806,2807,2808,2809,2811,2812,2813,2814,2815,2816,2817,2818,2819,2820,2822,2823,2824,2825,2826,2827,2828,2829,2830,2831,2833,2834,2835,2836,2837,2838,2839,2840,2841,2842,2844,2845,2846,2847,2848,2849,2850,2851,2852,2853,2864,2657,2658,2659,2660,2661,2662,2663,2664,2665,2667,2668,2669,2670,2671,2672,2673,2674,2675,2676,2678,2679,2680,2681,2682,2683,2684,2685,2686,2687,2689,2690,2691,2692,2693,2694,2695,2696,2697,2698,2700,2701,2702,2703,2704,2705,2706,2707,2708,2709,2711,2712,2713,2714,2715,2716,2717,2718,2719,2720,2722,2723,2724,2725,2726,2727,2728,2729,2730,2731,2733,2734,2735,2736,2737,2738,2739,2740,2741,2742,2744,2745,2746,2747,2748,2749,2750,2751,2752,2753,2755,2756,2757,2758,2759,2760,2761,2762,2763,2764,2767&#8243; show_title_and_caption=&#8220;off&#8220; _builder_version=&#8220;4.17.4&#8243; _module_preset=&#8220;default&#8220; pagination_font=&#8220;Jaldi||||||||&#8220; pagination_text_align=&#8220;center&#8220; pagination_font_size=&#8220;18px&#8220; custom_margin=&#8220;18px||-46px|||&#8220; custom_padding=&#8220;||0px|||&#8220; global_colors_info=&#8220;{}&#8220;][\/et_pb_gallery][\/et_pb_column][\/et_pb_row][et_pb_row use_custom_gutter=&#8220;on&#8220; gutter_width=&#8220;1&#8243; _builder_version=&#8220;4.17.4&#8243; _module_preset=&#8220;default&#8220; width=&#8220;auto&#8220; max_width=&#8220;2560px&#8220; module_alignment=&#8220;center&#8220; custom_padding=&#8220;30px|||||&#8220; global_colors_info=&#8220;{}&#8220;][et_pb_column type=&#8220;4_4&#8243; _builder_version=&#8220;4.17.4&#8243; _module_preset=&#8220;default&#8220; global_colors_info=&#8220;{}&#8220;][et_pb_text _builder_version=&#8220;4.17.4&#8243; _module_preset=&#8220;default&#8220; custom_margin=&#8220;-9px|||||&#8220; global_colors_info=&#8220;{}&#8220;]<\/p>\n<p style=\"text-align: center;\"><span style=\"font-family: Jaldi; font-weight: normal; font-size: x-large;\">Workshopy so Samuelom a Michaelou &#8211; pr\u00edle\u017eitos\u0165 u\u010di\u0165 sa od t\u00fdch najlep\u0161\u00edch&#8230;<\/span><\/p>\n<p>[\/et_pb_text][et_pb_gallery gallery_ids=&#8220;3151,3162,3295,3152,3146,3147,3137,3138,3139,3140,3142,3141,3143,3144,3160,3156,3158,3145,3154,3155,3157,3159,3149,3148,3150,3164,3163,3161&#8243; show_title_and_caption=&#8220;off&#8220; _builder_version=&#8220;4.17.4&#8243; _module_preset=&#8220;default&#8220; pagination_font=&#8220;Jaldi||||||||&#8220; pagination_text_align=&#8220;center&#8220; pagination_font_size=&#8220;18px&#8220; custom_margin=&#8220;18px||-36px|||&#8220; global_colors_info=&#8220;{}&#8220;][\/et_pb_gallery][\/et_pb_column][\/et_pb_row][et_pb_row use_custom_gutter=&#8220;on&#8220; gutter_width=&#8220;1&#8243; _builder_version=&#8220;4.17.4&#8243; _module_preset=&#8220;default&#8220; width=&#8220;auto&#8220; max_width=&#8220;2560px&#8220; module_alignment=&#8220;center&#8220; custom_padding=&#8220;30px|||||&#8220; global_colors_info=&#8220;{}&#8220;][et_pb_column type=&#8220;4_4&#8243; _builder_version=&#8220;4.17.4&#8243; _module_preset=&#8220;default&#8220; global_colors_info=&#8220;{}&#8220;][et_pb_text _builder_version=&#8220;4.17.4&#8243; _module_preset=&#8220;default&#8220; custom_margin=&#8220;-9px|||||&#8220; global_colors_info=&#8220;{}&#8220;]<\/p>\n<p style=\"text-align: center;\"><span style=\"font-family: Jaldi; font-weight: normal; font-size: x-large;\">Sprievodn\u00fd program &#8211; verejn\u00e9 prezent\u00e1cia boccie, rozl\u00fa\u010dkov\u00fd ve\u010dierok&#8230;<\/span><\/p>\n<p>[\/et_pb_text][et_pb_gallery gallery_ids=&#8220;3284,3280,3279,3277,3274,3275,3278,3276,3281,3282,3283,3285,3287,3288,3289,3290,3291&#8243; show_title_and_caption=&#8220;off&#8220; _builder_version=&#8220;4.17.4&#8243; _module_preset=&#8220;default&#8220; pagination_font=&#8220;Jaldi||||||||&#8220; pagination_text_align=&#8220;center&#8220; pagination_font_size=&#8220;18px&#8220; custom_margin=&#8220;18px||-36px|||&#8220; global_colors_info=&#8220;{}&#8220;][\/et_pb_gallery][\/et_pb_column][\/et_pb_row][et_pb_row _builder_version=&#8220;4.17.4&#8243; _module_preset=&#8220;default&#8220; custom_padding=&#8220;15px|||||&#8220; global_colors_info=&#8220;{}&#8220;][et_pb_column type=&#8220;4_4&#8243; _builder_version=&#8220;4.17.4&#8243; _module_preset=&#8220;default&#8220; global_colors_info=&#8220;{}&#8220;][et_pb_blurb title=&#8220;pROJEKTOV\u00cd Partneri&#8220; use_icon=&#8220;on&#8220; content_max_width=&#8220;770px&#8220; _builder_version=&#8220;4.17.4&#8243; _module_preset=&#8220;default&#8220; header_font=&#8220;Jaldi|||on|||||&#8220; header_text_color=&#8220;#666666&#8243; header_font_size=&#8220;19px&#8220; header_line_height=&#8220;1.8em&#8220; body_font=&#8220;Jaldi||||||||&#8220; body_text_color=&#8220;#666666&#8243; body_font_size=&#8220;19px&#8220; body_line_height=&#8220;1.1em&#8220; module_alignment=&#8220;left&#8220; custom_margin=&#8220;8px||||false|false&#8220; custom_padding=&#8220;0px||0px|||&#8220; animation_style=&#8220;fade&#8220; global_colors_info=&#8220;{}&#8220;]<\/p>\n<p><span style=\"font-size: medium;\"><strong>SC J\u00da Praha<\/strong> &#8211; Sportovn\u00ed klub Jedli\u010dkova \u00fastavu Praha, o.s. \/ \u010cESK\u00c1 REPUBLIKA<\/span><br \/><span style=\"font-size: medium;\"><strong>PROMETEUS<\/strong> &#8211; Zdru\u017eenie telesne postihnut\u00fdch, ich rod\u00edn a priate\u013eov \/ PO\u013dSKO<\/span><br \/><span style=\"font-size: medium;\"><strong>FODISZ<\/strong> &#8211; N\u00e1rodn\u00fd zv\u00e4z zdravotne postihnut\u00fdch \u0161tudentov a vo\u013eno\u010dasov\u00fdch \u0161portov \/ MA\u010eARSKO<\/span><\/p>\n<p><span style=\"font-size: medium;\"><em>Projekt je spolufinancovan\u00fd vl\u00e1dami \u010ceskej republiky, Ma\u010farska, Po\u013eska a Slovenska prostredn\u00edctvom Vy\u0161egradsk\u00fdch grantov z Medzin\u00e1rodn\u00e9ho vy\u0161egradsk\u00e9ho fondu. Poslan\u00edm fondu je presadzova\u0165 my\u0161lienky udr\u017eate\u013enej region\u00e1lnej spolupr\u00e1ce v strednej Eur\u00f3pe.\u00a0<\/em><\/span><\/p>\n<p>[\/et_pb_blurb][\/et_pb_column][\/et_pb_row][et_pb_row column_structure=&#8220;1_4,1_4,1_4,1_4&#8243; _builder_version=&#8220;4.17.4&#8243; _module_preset=&#8220;default&#8220; width=&#8220;70%&#8220; min_height=&#8220;194.2px&#8220; custom_padding=&#8220;37px|||||&#8220; animation_style=&#8220;fade&#8220; global_colors_info=&#8220;{}&#8220;][et_pb_column type=&#8220;1_4&#8243; _builder_version=&#8220;4.17.4&#8243; _module_preset=&#8220;default&#8220; link_option_url=&#8220;https:\/\/scjupraha.eu\/&#8220; link_option_url_new_window=&#8220;on&#8220; global_colors_info=&#8220;{}&#8220;][et_pb_image src=&#8220;https:\/\/www.bocciatatracup.sk\/wp-content\/uploads\/2023\/04\/logo_SC_Praha.png&#8220; title_text=&#8220;logo_SC_Praha&#8220; _builder_version=&#8220;4.17.4&#8243; _module_preset=&#8220;default&#8220; width=&#8220;50%&#8220; custom_margin=&#8220;6px||||false|false&#8220; global_colors_info=&#8220;{}&#8220;][\/et_pb_image][\/et_pb_column][et_pb_column type=&#8220;1_4&#8243; _builder_version=&#8220;4.17.4&#8243; _module_preset=&#8220;default&#8220; link_option_url=&#8220;https:\/\/stowarzyszenieprometeus.pl\/&#8220; link_option_url_new_window=&#8220;on&#8220; global_colors_info=&#8220;{}&#8220;][et_pb_image src=&#8220;https:\/\/www.bocciatatracup.sk\/wp-content\/uploads\/2023\/04\/logo_PROMETEUS.png&#8220; title_text=&#8220;logo_PROMETEUS&#8220; _builder_version=&#8220;4.17.4&#8243; _module_preset=&#8220;default&#8220; width=&#8220;91%&#8220; custom_margin=&#8220;17px|||-50px|false|false&#8220; global_colors_info=&#8220;{}&#8220;][\/et_pb_image][\/et_pb_column][et_pb_column type=&#8220;1_4&#8243; _builder_version=&#8220;4.17.4&#8243; _module_preset=&#8220;default&#8220; link_option_url=&#8220;https:\/\/fodisz.hu\/&#8220; link_option_url_new_window=&#8220;on&#8220; global_colors_info=&#8220;{}&#8220;][et_pb_image src=&#8220;https:\/\/www.bocciatatracup.sk\/wp-content\/uploads\/2023\/04\/logo_FODISZ.png&#8220; title_text=&#8220;logo_FODISZ&#8220; _builder_version=&#8220;4.17.4&#8243; _module_preset=&#8220;default&#8220; width=&#8220;88%&#8220; custom_margin=&#8220;13px|-12px||-10px|false|false&#8220; global_colors_info=&#8220;{}&#8220;][\/et_pb_image][\/et_pb_column][et_pb_column type=&#8220;1_4&#8243; _builder_version=&#8220;4.17.4&#8243; _module_preset=&#8220;default&#8220; link_option_url=&#8220;https:\/\/www.visegradfund.org\/&#8220; link_option_url_new_window=&#8220;on&#8220; global_colors_info=&#8220;{}&#8220;][et_pb_image src=&#8220;https:\/\/www.bocciatatracup.sk\/wp-content\/uploads\/2023\/04\/logo_VF_Supported_by.png&#8220; title_text=&#8220;logo_VF_Supported_by&#8220; _builder_version=&#8220;4.17.4&#8243; _module_preset=&#8220;default&#8220; global_colors_info=&#8220;{}&#8220;][\/et_pb_image][\/et_pb_column][\/et_pb_row][\/et_pb_section]<\/p>\n","protected":false},"excerpt":{"rendered":"<p>7. ro\u010dn\u00edk Boccia Tatra Cup 2023 &nbsp;15. &#8211; 20. j\u00fan 2023 \/ Liptovsk\u00fd J\u00e1notvoren\u00fd medzin\u00e1rodn\u00fd turnaj v paralympijskom \u0161porte bocciaBC1, BC2, BC3, BC4\u00a0 &#8211;\u00a0 Jednotlivci &amp; T\u00edmy, p\u00e1ry Boccia Tatra Cup 2023\u00a0 \/ 15. &#8211; 20. j\u00fan 2023, Liptovsk\u00fd J\u00e1n 7. ro\u010dn\u00edk otvoren\u00e9ho medzin\u00e1rodn\u00e9ho turnajajednotlivcov, p\u00e1rov a t\u00edmov v paralympijskom \u0161porte boccia 4-d\u0148ov\u00e9 \u0161portov\u00e9 z\u00e1polenie [&hellip;]<\/p>\n","protected":false},"author":1,"featured_media":0,"parent":0,"menu_order":0,"comment_status":"closed","ping_status":"closed","template":"","meta":{"_et_pb_use_builder":"on","_et_pb_old_content":"","_et_gb_content_width":"","_mi_skip_tracking":false},"yoast_head":"<!-- This site is optimized with the Yoast SEO plugin v20.2.1 - https:\/\/yoast.com\/wordpress\/plugins\/seo\/ -->\n<title>BTC 2023 - Boccia Tatra Cup<\/title>\n<meta name=\"robots\" content=\"index, follow, max-snippet:-1, max-image-preview:large, max-video-preview:-1\" \/>\n<link rel=\"canonical\" href=\"https:\/\/www.bocciatatracup.sk\/?page_id=4063\" \/>\n<meta property=\"og:locale\" content=\"sk_SK\" \/>\n<meta property=\"og:type\" content=\"article\" \/>\n<meta property=\"og:title\" content=\"BTC 2023 - Boccia Tatra Cup\" \/>\n<meta property=\"og:description\" content=\"7. ro\u010dn\u00edk Boccia Tatra Cup 2023 &nbsp;15. - 20. j\u00fan 2023 \/ Liptovsk\u00fd J\u00e1notvoren\u00fd medzin\u00e1rodn\u00fd turnaj v paralympijskom \u0161porte bocciaBC1, BC2, BC3, BC4\u00a0 -\u00a0 Jednotlivci &amp; T\u00edmy, p\u00e1ry Boccia Tatra Cup 2023\u00a0 \/ 15. - 20. j\u00fan 2023, Liptovsk\u00fd J\u00e1n 7. ro\u010dn\u00edk otvoren\u00e9ho medzin\u00e1rodn\u00e9ho turnajajednotlivcov, p\u00e1rov a t\u00edmov v paralympijskom \u0161porte boccia 4-d\u0148ov\u00e9 \u0161portov\u00e9 z\u00e1polenie [&hellip;]\" \/>\n<meta property=\"og:url\" content=\"https:\/\/www.bocciatatracup.sk\/?page_id=4063\" \/>\n<meta property=\"og:site_name\" content=\"Boccia Tatra Cup\" \/>\n<meta property=\"article:modified_time\" content=\"2024-10-01T19:39:32+00:00\" \/>\n<meta name=\"twitter:card\" content=\"summary_large_image\" \/>\n<script type=\"application\/ld+json\" class=\"yoast-schema-graph\">{\"@context\":\"https:\/\/schema.org\",\"@graph\":[{\"@type\":\"WebPage\",\"@id\":\"https:\/\/www.bocciatatracup.sk\/?page_id=4063\",\"url\":\"https:\/\/www.bocciatatracup.sk\/?page_id=4063\",\"name\":\"BTC 2023 - Boccia Tatra Cup\",\"isPartOf\":{\"@id\":\"https:\/\/www.bocciatatracup.sk\/#website\"},\"datePublished\":\"2024-05-19T19:45:06+00:00\",\"dateModified\":\"2024-10-01T19:39:32+00:00\",\"breadcrumb\":{\"@id\":\"https:\/\/www.bocciatatracup.sk\/?page_id=4063#breadcrumb\"},\"inLanguage\":\"sk-SK\",\"potentialAction\":[{\"@type\":\"ReadAction\",\"target\":[\"https:\/\/www.bocciatatracup.sk\/?page_id=4063\"]}]},{\"@type\":\"BreadcrumbList\",\"@id\":\"https:\/\/www.bocciatatracup.sk\/?page_id=4063#breadcrumb\",\"itemListElement\":[{\"@type\":\"ListItem\",\"position\":1,\"name\":\"Home\",\"item\":\"https:\/\/www.bocciatatracup.sk\/\"},{\"@type\":\"ListItem\",\"position\":2,\"name\":\"BTC 2023\"}]},{\"@type\":\"WebSite\",\"@id\":\"https:\/\/www.bocciatatracup.sk\/#website\",\"url\":\"https:\/\/www.bocciatatracup.sk\/\",\"name\":\"Boccia Tatra Cup\",\"description\":\"\",\"potentialAction\":[{\"@type\":\"SearchAction\",\"target\":{\"@type\":\"EntryPoint\",\"urlTemplate\":\"https:\/\/www.bocciatatracup.sk\/?s={search_term_string}\"},\"query-input\":\"required name=search_term_string\"}],\"inLanguage\":\"sk-SK\"}]}<\/script>\n<!-- \/ Yoast SEO plugin. -->","yoast_head_json":{"title":"BTC 2023 - Boccia Tatra Cup","robots":{"index":"index","follow":"follow","max-snippet":"max-snippet:-1","max-image-preview":"max-image-preview:large","max-video-preview":"max-video-preview:-1"},"canonical":"https:\/\/www.bocciatatracup.sk\/?page_id=4063","og_locale":"sk_SK","og_type":"article","og_title":"BTC 2023 - Boccia Tatra Cup","og_description":"7. ro\u010dn\u00edk Boccia Tatra Cup 2023 &nbsp;15. - 20. j\u00fan 2023 \/ Liptovsk\u00fd J\u00e1notvoren\u00fd medzin\u00e1rodn\u00fd turnaj v paralympijskom \u0161porte bocciaBC1, BC2, BC3, BC4\u00a0 -\u00a0 Jednotlivci &amp; T\u00edmy, p\u00e1ry Boccia Tatra Cup 2023\u00a0 \/ 15. - 20. j\u00fan 2023, Liptovsk\u00fd J\u00e1n 7. ro\u010dn\u00edk otvoren\u00e9ho medzin\u00e1rodn\u00e9ho turnajajednotlivcov, p\u00e1rov a t\u00edmov v paralympijskom \u0161porte boccia 4-d\u0148ov\u00e9 \u0161portov\u00e9 z\u00e1polenie [&hellip;]","og_url":"https:\/\/www.bocciatatracup.sk\/?page_id=4063","og_site_name":"Boccia Tatra Cup","article_modified_time":"2024-10-01T19:39:32+00:00","twitter_card":"summary_large_image","schema":{"@context":"https:\/\/schema.org","@graph":[{"@type":"WebPage","@id":"https:\/\/www.bocciatatracup.sk\/?page_id=4063","url":"https:\/\/www.bocciatatracup.sk\/?page_id=4063","name":"BTC 2023 - Boccia Tatra Cup","isPartOf":{"@id":"https:\/\/www.bocciatatracup.sk\/#website"},"datePublished":"2024-05-19T19:45:06+00:00","dateModified":"2024-10-01T19:39:32+00:00","breadcrumb":{"@id":"https:\/\/www.bocciatatracup.sk\/?page_id=4063#breadcrumb"},"inLanguage":"sk-SK","potentialAction":[{"@type":"ReadAction","target":["https:\/\/www.bocciatatracup.sk\/?page_id=4063"]}]},{"@type":"BreadcrumbList","@id":"https:\/\/www.bocciatatracup.sk\/?page_id=4063#breadcrumb","itemListElement":[{"@type":"ListItem","position":1,"name":"Home","item":"https:\/\/www.bocciatatracup.sk\/"},{"@type":"ListItem","position":2,"name":"BTC 2023"}]},{"@type":"WebSite","@id":"https:\/\/www.bocciatatracup.sk\/#website","url":"https:\/\/www.bocciatatracup.sk\/","name":"Boccia Tatra Cup","description":"","potentialAction":[{"@type":"SearchAction","target":{"@type":"EntryPoint","urlTemplate":"https:\/\/www.bocciatatracup.sk\/?s={search_term_string}"},"query-input":"required name=search_term_string"}],"inLanguage":"sk-SK"}]}},"_links":{"self":[{"href":"https:\/\/www.bocciatatracup.sk\/index.php?rest_route=\/wp\/v2\/pages\/4063"}],"collection":[{"href":"https:\/\/www.bocciatatracup.sk\/index.php?rest_route=\/wp\/v2\/pages"}],"about":[{"href":"https:\/\/www.bocciatatracup.sk\/index.php?rest_route=\/wp\/v2\/types\/page"}],"author":[{"embeddable":true,"href":"https:\/\/www.bocciatatracup.sk\/index.php?rest_route=\/wp\/v2\/users\/1"}],"replies":[{"embeddable":true,"href":"https:\/\/www.bocciatatracup.sk\/index.php?rest_route=%2Fwp%2Fv2%2Fcomments&post=4063"}],"version-history":[{"count":6,"href":"https:\/\/www.bocciatatracup.sk\/index.php?rest_route=\/wp\/v2\/pages\/4063\/revisions"}],"predecessor-version":[{"id":4272,"href":"https:\/\/www.bocciatatracup.sk\/index.php?rest_route=\/wp\/v2\/pages\/4063\/revisions\/4272"}],"wp:attachment":[{"href":"https:\/\/www.bocciatatracup.sk\/index.php?rest_route=%2Fwp%2Fv2%2Fmedia&parent=4063"}],"curies":[{"name":"wp","href":"https:\/\/api.w.org\/{rel}","templated":true}]}}